{"id":2634,"date":"2023-05-10T11:27:37","date_gmt":"2023-05-10T11:27:37","guid":{"rendered":"https:\/\/www.corental.de\/?page_id=2634"},"modified":"2023-06-07T11:16:24","modified_gmt":"2023-06-07T11:16:24","slug":"archiv-2","status":"publish","type":"page","link":"https:\/\/www.corental.de\/index.php\/archiv-2\/","title":{"rendered":"Archiv"},"content":{"rendered":"\t\t<div data-elementor-type=\"wp-page\" data-elementor-id=\"2634\" class=\"elementor elementor-2634\" data-elementor-settings=\"{&quot;ha_cmc_init_switcher&quot;:&quot;no&quot;}\" data-elementor-post-type=\"page\">\n\t\t\t\t<div class=\"elementor-element elementor-element-458a101 e-flex e-con-boxed wpr-particle-no wpr-jarallax-no wpr-parallax-no wpr-sticky-section-no wpr-equal-height-no e-con e-parent\" data-id=\"458a101\" data-element_type=\"container\" data-e-type=\"container\" data-settings=\"{&quot;background_background&quot;:&quot;classic&quot;,&quot;_ha_eqh_enable&quot;:false}\">\n\t\t\t\t\t<div class=\"e-con-inner\">\n\t\t\t\t<div class=\"elementor-element elementor-element-b998037 elementor-widget elementor-widget-heading\" data-id=\"b998037\" data-element_type=\"widget\" data-e-type=\"widget\" data-widget_type=\"heading.default\">\n\t\t\t\t<div class=\"elementor-widget-container\">\n\t\t\t\t\t<h2 class=\"elementor-heading-title elementor-size-default\">Aktuelle News<\/h2>\t\t\t\t<\/div>\n\t\t\t\t<\/div>\n\t\t\t\t<div class=\"elementor-element elementor-element-bc6b06e elementor-grid-3 elementor-grid-tablet-2 elementor-grid-mobile-1 elementor-posts--thumbnail-top elementor-card-shadow-yes elementor-posts__hover-gradient elementor-widget elementor-widget-posts\" data-id=\"bc6b06e\" data-element_type=\"widget\" data-e-type=\"widget\" data-settings=\"{&quot;pagination_type&quot;:&quot;load_more_infinite_scroll&quot;,&quot;cards_columns&quot;:&quot;3&quot;,&quot;cards_columns_tablet&quot;:&quot;2&quot;,&quot;cards_columns_mobile&quot;:&quot;1&quot;,&quot;cards_row_gap&quot;:{&quot;unit&quot;:&quot;px&quot;,&quot;size&quot;:35,&quot;sizes&quot;:[]},&quot;cards_row_gap_tablet&quot;:{&quot;unit&quot;:&quot;px&quot;,&quot;size&quot;:&quot;&quot;,&quot;sizes&quot;:[]},&quot;cards_row_gap_mobile&quot;:{&quot;unit&quot;:&quot;px&quot;,&quot;size&quot;:&quot;&quot;,&quot;sizes&quot;:[]},&quot;load_more_spinner&quot;:{&quot;value&quot;:&quot;fas fa-spinner&quot;,&quot;library&quot;:&quot;fa-solid&quot;}}\" data-widget_type=\"posts.cards\">\n\t\t\t\t<div class=\"elementor-widget-container\">\n\t\t\t\t\t\t\t<div class=\"elementor-posts-container elementor-posts elementor-posts--skin-cards elementor-grid\">\n\t\t\t\t<article class=\"elementor-post elementor-grid-item post-4048 post type-post status-publish format-standard has-post-thumbnail hentry category-news\">\n\t\t\t<div class=\"elementor-post__card\">\n\t\t\t\t<a class=\"elementor-post__thumbnail__link\" href=\"https:\/\/www.corental.de\/index.php\/2025\/11\/13\/november-2025\/\" tabindex=\"-1\" ><div class=\"elementor-post__thumbnail\"><img fetchpriority=\"high\" decoding=\"async\" width=\"960\" height=\"768\" src=\"https:\/\/www.corental.de\/wp-content\/uploads\/2025\/11\/WashXT-1024x819.jpg\" class=\"attachment-large size-large wp-image-4050\" alt=\"\" srcset=\"https:\/\/www.corental.de\/wp-content\/uploads\/2025\/11\/WashXT-1024x819.jpg 1024w, https:\/\/www.corental.de\/wp-content\/uploads\/2025\/11\/WashXT-300x240.jpg 300w, https:\/\/www.corental.de\/wp-content\/uploads\/2025\/11\/WashXT-768x614.jpg 768w, https:\/\/www.corental.de\/wp-content\/uploads\/2025\/11\/WashXT-1536x1229.jpg 1536w, https:\/\/www.corental.de\/wp-content\/uploads\/2025\/11\/WashXT-2048x1638.jpg 2048w\" sizes=\"(max-width: 960px) 100vw, 960px\" \/><\/div><\/a>\n\t\t\t\t<div class=\"elementor-post__badge\">News<\/div>\n\t\t\t\t<div class=\"elementor-post__text\">\n\t\t\t\t<h3 class=\"elementor-post__title\">\n\t\t\t<a href=\"https:\/\/www.corental.de\/index.php\/2025\/11\/13\/november-2025\/\" >\n\t\t\t\tNovember 2025\t\t\t<\/a>\n\t\t<\/h3>\n\t\t\t\t<div class=\"elementor-post__excerpt\">\n\t\t\t<p>Neu im Bestand: LITECRAFT WashXT Mit dem WashXT liefert LITECRAFT den gro\u00dfen Bruder des WashX.432 sw. Das Ger\u00e4t wurde f\u00fcr den Einsatz aus gr\u00f6\u00dferen Distanzen beziehungsweise h\u00f6heren H\u00f6hen im Bereich Messebau und Studio-Beleuchtung entwickelt und entsprechend ausgestattet. Im Gegensatz zum bekannten WashX.432 sw verf\u00fcgt der WashXT (Extreme) \u00fcber ein optisches System mit 25\u00b0 Abstrahlwinkel sowie unterschiedlichen Light Shaping Filtern (LSF). Diese besonderen Filter erlauben eine Anpassung des Abstrahlverhaltens bei gleichzeitig geringstem Helligkeitsverlust. Die insgesamt 28 LEDs, jeweils in kaltwei\u00df\/warmwei\u00df best\u00fcckt, erlauben eine flexible Farbtemperatur-Anpassung im Bereich zwischen 3.000 und 6.400 Kelvin.<\/p>\n\t\t<\/div>\n\t\t\n\t\t<a class=\"elementor-post__read-more\" href=\"https:\/\/www.corental.de\/index.php\/2025\/11\/13\/november-2025\/\" aria-label=\"Read more about November 2025\" tabindex=\"-1\" >\n\t\t\tWeiterlesen \u00bb\t\t<\/a>\n\n\t\t\t\t<\/div>\n\t\t\t\t<div class=\"elementor-post__meta-data\">\n\t\t\t\t\t<span class=\"elementor-post-date\">\n\t\t\t11. November 2025\t\t<\/span>\n\t\t\t\t<span class=\"elementor-post-time\">\n\t\t\t11:51\t\t<\/span>\n\t\t\t\t<\/div>\n\t\t\t\t\t<\/div>\n\t\t<\/article>\n\t\t\t\t<article class=\"elementor-post elementor-grid-item post-4041 post type-post status-publish format-standard has-post-thumbnail hentry category-news\">\n\t\t\t<div class=\"elementor-post__card\">\n\t\t\t\t<a class=\"elementor-post__thumbnail__link\" href=\"https:\/\/www.corental.de\/index.php\/2025\/09\/30\/september-2025-3\/\" tabindex=\"-1\" ><div class=\"elementor-post__thumbnail\"><img decoding=\"async\" width=\"600\" height=\"400\" src=\"https:\/\/www.corental.de\/wp-content\/uploads\/2025\/09\/A184886_1_600x600.jpg\" class=\"attachment-large size-large wp-image-4043\" alt=\"\" srcset=\"https:\/\/www.corental.de\/wp-content\/uploads\/2025\/09\/A184886_1_600x600.jpg 600w, https:\/\/www.corental.de\/wp-content\/uploads\/2025\/09\/A184886_1_600x600-300x200.jpg 300w\" sizes=\"(max-width: 600px) 100vw, 600px\" \/><\/div><\/a>\n\t\t\t\t<div class=\"elementor-post__badge\">News<\/div>\n\t\t\t\t<div class=\"elementor-post__text\">\n\t\t\t\t<h3 class=\"elementor-post__title\">\n\t\t\t<a href=\"https:\/\/www.corental.de\/index.php\/2025\/09\/30\/september-2025-3\/\" >\n\t\t\t\tSeptember 2025\t\t\t<\/a>\n\t\t<\/h3>\n\t\t\t\t<div class=\"elementor-post__excerpt\">\n\t\t\t<p>Bestand aufgestockt: LITECRAFT WashX.432 LITECRAFT liefert mit dem WashX.432 sw ein neues Washlight auf LED-Basis, welches speziell, aber nicht nur, f\u00fcr den Messebau entwickelt und entsprechend ausgestattet wurde. Das Ger\u00e4t verf\u00fcgt \u00fcber insgesamt 432 LEDs, die sich zur H\u00e4lfte in kaltwei\u00dfe und warmwei\u00dfe LEDs aufteilen. Damit erlaubt das Ger\u00e4t zu jeder Zeit eine flexible Farbtemperatur-Anpassung im Bereich zwischen 3.000 und 6.400 Kelvin.<\/p>\n\t\t<\/div>\n\t\t\n\t\t<a class=\"elementor-post__read-more\" href=\"https:\/\/www.corental.de\/index.php\/2025\/09\/30\/september-2025-3\/\" aria-label=\"Read more about September 2025\" tabindex=\"-1\" >\n\t\t\tWeiterlesen \u00bb\t\t<\/a>\n\n\t\t\t\t<\/div>\n\t\t\t\t<div class=\"elementor-post__meta-data\">\n\t\t\t\t\t<span class=\"elementor-post-date\">\n\t\t\t09. September 2025\t\t<\/span>\n\t\t\t\t<span class=\"elementor-post-time\">\n\t\t\t11:46\t\t<\/span>\n\t\t\t\t<\/div>\n\t\t\t\t\t<\/div>\n\t\t<\/article>\n\t\t\t\t<article class=\"elementor-post elementor-grid-item post-3949 post type-post status-publish format-standard has-post-thumbnail hentry category-news\">\n\t\t\t<div class=\"elementor-post__card\">\n\t\t\t\t<a class=\"elementor-post__thumbnail__link\" href=\"https:\/\/www.corental.de\/index.php\/2025\/09\/25\/september-2025\/\" tabindex=\"-1\" ><div class=\"elementor-post__thumbnail\"><img decoding=\"async\" width=\"770\" height=\"457\" src=\"https:\/\/www.corental.de\/wp-content\/uploads\/2025\/09\/Mac-One.png\" class=\"attachment-large size-large wp-image-4036\" alt=\"\" srcset=\"https:\/\/www.corental.de\/wp-content\/uploads\/2025\/09\/Mac-One.png 770w, https:\/\/www.corental.de\/wp-content\/uploads\/2025\/09\/Mac-One-300x178.png 300w, https:\/\/www.corental.de\/wp-content\/uploads\/2025\/09\/Mac-One-768x456.png 768w\" sizes=\"(max-width: 770px) 100vw, 770px\" \/><\/div><\/a>\n\t\t\t\t<div class=\"elementor-post__badge\">News<\/div>\n\t\t\t\t<div class=\"elementor-post__text\">\n\t\t\t\t<h3 class=\"elementor-post__title\">\n\t\t\t<a href=\"https:\/\/www.corental.de\/index.php\/2025\/09\/25\/september-2025\/\" >\n\t\t\t\tSeptember 2025\t\t\t<\/a>\n\t\t<\/h3>\n\t\t\t\t<div class=\"elementor-post__excerpt\">\n\t\t\t<p>Neu im COrental-Vermietportfolio: Martin MAC One Der Martin MAC One setzt neue Ma\u00dfst\u00e4be f\u00fcr kompakte Moving Lights. Der Beam-, Wash- und Eye-Candy-Scheinwerfer verf\u00fcgt \u00fcber eine hochwertige Fresnellinse und verwandelt jede B\u00fchne und jedes Event in ein optisches Highlight. Kompakt, 4,4kg leicht und vielseitig definiert der MAC One eine neue Klasse kompakter Scheinwerfer.<\/p>\n\t\t<\/div>\n\t\t\n\t\t<a class=\"elementor-post__read-more\" href=\"https:\/\/www.corental.de\/index.php\/2025\/09\/25\/september-2025\/\" aria-label=\"Read more about September 2025\" tabindex=\"-1\" >\n\t\t\tWeiterlesen \u00bb\t\t<\/a>\n\n\t\t\t\t<\/div>\n\t\t\t\t<div class=\"elementor-post__meta-data\">\n\t\t\t\t\t<span class=\"elementor-post-date\">\n\t\t\t09. September 2025\t\t<\/span>\n\t\t\t\t<span class=\"elementor-post-time\">\n\t\t\t10:33\t\t<\/span>\n\t\t\t\t<\/div>\n\t\t\t\t\t<\/div>\n\t\t<\/article>\n\t\t\t\t<article class=\"elementor-post elementor-grid-item post-3928 post type-post status-publish format-standard has-post-thumbnail hentry category-news\">\n\t\t\t<div class=\"elementor-post__card\">\n\t\t\t\t<a class=\"elementor-post__thumbnail__link\" href=\"https:\/\/www.corental.de\/index.php\/2024\/08\/29\/august-2024-3\/\" tabindex=\"-1\" ><div class=\"elementor-post__thumbnail\"><img loading=\"lazy\" decoding=\"async\" width=\"960\" height=\"734\" src=\"https:\/\/www.corental.de\/wp-content\/uploads\/2024\/08\/AX2_100-1024x783.png\" class=\"attachment-large size-large wp-image-3930\" alt=\"\" srcset=\"https:\/\/www.corental.de\/wp-content\/uploads\/2024\/08\/AX2_100-1024x783.png 1024w, https:\/\/www.corental.de\/wp-content\/uploads\/2024\/08\/AX2_100-300x229.png 300w, https:\/\/www.corental.de\/wp-content\/uploads\/2024\/08\/AX2_100-768x587.png 768w, https:\/\/www.corental.de\/wp-content\/uploads\/2024\/08\/AX2_100-1536x1175.png 1536w, https:\/\/www.corental.de\/wp-content\/uploads\/2024\/08\/AX2_100-2048x1566.png 2048w\" sizes=\"(max-width: 960px) 100vw, 960px\" \/><\/div><\/a>\n\t\t\t\t<div class=\"elementor-post__badge\">News<\/div>\n\t\t\t\t<div class=\"elementor-post__text\">\n\t\t\t\t<h3 class=\"elementor-post__title\">\n\t\t\t<a href=\"https:\/\/www.corental.de\/index.php\/2024\/08\/29\/august-2024-3\/\" >\n\t\t\t\tAugust 2024\t\t\t<\/a>\n\t\t<\/h3>\n\t\t\t\t<div class=\"elementor-post__excerpt\">\n\t\t\t<p>Die n\u00e4chsten neuen Artikel sind eingetroffen: Astera AX2 &#8211; 100 Die kabellose PixelBar von Astera ist eine lineare LED-Leiste mit integriertem Akku und IP65 Klassifizierung. Jede der LEDs kann individuell adressiert werden und bietet ultrahohe Farbwiedergabe, digitale Farbkalibrierung und einen nativen 21 \u00b0 &#8211; Beam. Dank seiner intelligenten St\u00e4nder, der Aufh\u00e4ngevorrichtung, der anschlie\u00dfbaren Endkappen und dem integrierten AirlineTrack kann er auf vielf\u00e4ltige Weise schnell zusammengebaut werden und eignet sich f\u00fcr eine Vielzahl von Anwendungen wie Konzerte \/ Tourneen, Firmenveranstaltungen, TV usw. Bei uns inkl. 30\u00b0 und 60\u00b0 Filter und Torblende erh\u00e4ltlich.\u00a0<\/p>\n\t\t<\/div>\n\t\t\n\t\t<a class=\"elementor-post__read-more\" href=\"https:\/\/www.corental.de\/index.php\/2024\/08\/29\/august-2024-3\/\" aria-label=\"Read more about August 2024\" tabindex=\"-1\" >\n\t\t\tWeiterlesen \u00bb\t\t<\/a>\n\n\t\t\t\t<\/div>\n\t\t\t\t<div class=\"elementor-post__meta-data\">\n\t\t\t\t\t<span class=\"elementor-post-date\">\n\t\t\t08. August 2024\t\t<\/span>\n\t\t\t\t<span class=\"elementor-post-time\">\n\t\t\t15:45\t\t<\/span>\n\t\t\t\t<\/div>\n\t\t\t\t\t<\/div>\n\t\t<\/article>\n\t\t\t\t<article class=\"elementor-post elementor-grid-item post-3903 post type-post status-publish format-standard has-post-thumbnail hentry category-news\">\n\t\t\t<div class=\"elementor-post__card\">\n\t\t\t\t<a class=\"elementor-post__thumbnail__link\" href=\"https:\/\/www.corental.de\/index.php\/2024\/08\/22\/august-2024\/\" tabindex=\"-1\" ><div class=\"elementor-post__thumbnail\"><img loading=\"lazy\" decoding=\"async\" width=\"402\" height=\"402\" src=\"https:\/\/www.corental.de\/wp-content\/uploads\/2024\/08\/CLZW600I_1-1.jpg\" class=\"attachment-large size-large wp-image-3916\" alt=\"\" srcset=\"https:\/\/www.corental.de\/wp-content\/uploads\/2024\/08\/CLZW600I_1-1.jpg 402w, https:\/\/www.corental.de\/wp-content\/uploads\/2024\/08\/CLZW600I_1-1-300x300.jpg 300w, https:\/\/www.corental.de\/wp-content\/uploads\/2024\/08\/CLZW600I_1-1-150x150.jpg 150w\" sizes=\"(max-width: 402px) 100vw, 402px\" \/><\/div><\/a>\n\t\t\t\t<div class=\"elementor-post__badge\">News<\/div>\n\t\t\t\t<div class=\"elementor-post__text\">\n\t\t\t\t<h3 class=\"elementor-post__title\">\n\t\t\t<a href=\"https:\/\/www.corental.de\/index.php\/2024\/08\/22\/august-2024\/\" >\n\t\t\t\tAugust 2024\t\t\t<\/a>\n\t\t<\/h3>\n\t\t\t\t<div class=\"elementor-post__excerpt\">\n\t\t\t<p>Neue Artikel in unserem Vermietpark: Cameo ZENIT\u00ae \u00a0W600 Das IP67 klassifizierte Outdoor LED Wash Light Cameo ZENIT\u00ae W600 sorgt mit seinen 40 x 15 W RGBW LEDs und 21.000 lm Lichtstrom f\u00fcr eine intensive homogene Farbmischung. Inklusive Filterset und Torblende. Sprechen Sie uns gerne an!<\/p>\n\t\t<\/div>\n\t\t\n\t\t<a class=\"elementor-post__read-more\" href=\"https:\/\/www.corental.de\/index.php\/2024\/08\/22\/august-2024\/\" aria-label=\"Read more about August 2024\" tabindex=\"-1\" >\n\t\t\tWeiterlesen \u00bb\t\t<\/a>\n\n\t\t\t\t<\/div>\n\t\t\t\t<div class=\"elementor-post__meta-data\">\n\t\t\t\t\t<span class=\"elementor-post-date\">\n\t\t\t08. August 2024\t\t<\/span>\n\t\t\t\t<span class=\"elementor-post-time\">\n\t\t\t15:16\t\t<\/span>\n\t\t\t\t<\/div>\n\t\t\t\t\t<\/div>\n\t\t<\/article>\n\t\t\t\t<article class=\"elementor-post elementor-grid-item post-3861 post type-post status-publish format-standard has-post-thumbnail hentry category-news\">\n\t\t\t<div class=\"elementor-post__card\">\n\t\t\t\t<a class=\"elementor-post__thumbnail__link\" href=\"https:\/\/www.corental.de\/index.php\/2024\/07\/17\/juli-2024-zeiten-der-veraenderungen\/\" tabindex=\"-1\" ><div class=\"elementor-post__thumbnail\"><img loading=\"lazy\" decoding=\"async\" width=\"960\" height=\"519\" src=\"https:\/\/www.corental.de\/wp-content\/uploads\/2024\/04\/DJI_0248-geschnitten-1024x554.jpg\" class=\"attachment-large size-large wp-image-3858\" alt=\"\" srcset=\"https:\/\/www.corental.de\/wp-content\/uploads\/2024\/04\/DJI_0248-geschnitten-1024x554.jpg 1024w, https:\/\/www.corental.de\/wp-content\/uploads\/2024\/04\/DJI_0248-geschnitten-300x162.jpg 300w, https:\/\/www.corental.de\/wp-content\/uploads\/2024\/04\/DJI_0248-geschnitten-768x415.jpg 768w, https:\/\/www.corental.de\/wp-content\/uploads\/2024\/04\/DJI_0248-geschnitten-1536x831.jpg 1536w, https:\/\/www.corental.de\/wp-content\/uploads\/2024\/04\/DJI_0248-geschnitten.jpg 1805w\" sizes=\"(max-width: 960px) 100vw, 960px\" \/><\/div><\/a>\n\t\t\t\t<div class=\"elementor-post__badge\">News<\/div>\n\t\t\t\t<div class=\"elementor-post__text\">\n\t\t\t\t<h3 class=\"elementor-post__title\">\n\t\t\t<a href=\"https:\/\/www.corental.de\/index.php\/2024\/07\/17\/juli-2024-zeiten-der-veraenderungen\/\" >\n\t\t\t\tJuli 2024 &#8211; Zeiten der Ver\u00e4nderungen\t\t\t<\/a>\n\t\t<\/h3>\n\t\t\t\t<div class=\"elementor-post__excerpt\">\n\t\t\t<p>Liebe Kunden, liebe Lieferanten, liebe Gesch\u00e4ftspartner, wir leben in Zeiten der Ver\u00e4nderungen und auch bei uns stehen diese jetzt an. Ab September diesen Jahres wird unser gesamtes Material nach Hilden in ein neues Lager umziehen. Dort erschlie\u00dfen sich f\u00fcr uns und f\u00fcr euch neue M\u00f6glichkeiten aufgrund der Gr\u00f6\u00dfe und optimaler logistischer Anbindung. Unseren Bestandskunden im S\u00fcden Deutschlands, \u00d6sterreich und der Schweiz werden wir mit individuellen (Transport-)L\u00f6sungen weiterhin zur Seite stehen.<\/p>\n\t\t<\/div>\n\t\t\n\t\t<a class=\"elementor-post__read-more\" href=\"https:\/\/www.corental.de\/index.php\/2024\/07\/17\/juli-2024-zeiten-der-veraenderungen\/\" aria-label=\"Read more about Juli 2024 &#8211; Zeiten der Ver\u00e4nderungen\" tabindex=\"-1\" >\n\t\t\tWeiterlesen \u00bb\t\t<\/a>\n\n\t\t\t\t<\/div>\n\t\t\t\t<div class=\"elementor-post__meta-data\">\n\t\t\t\t\t<span class=\"elementor-post-date\">\n\t\t\t07. Juli 2024\t\t<\/span>\n\t\t\t\t<span class=\"elementor-post-time\">\n\t\t\t06:43\t\t<\/span>\n\t\t\t\t<\/div>\n\t\t\t\t\t<\/div>\n\t\t<\/article>\n\t\t\t\t<\/div>\n\t\t\t\t\t<span class=\"e-load-more-spinner\">\n\t\t\t\t<i aria-hidden=\"true\" class=\"fas fa-spinner\"><\/i>\t\t\t<\/span>\n\t\t\n\t\t\t\t<div class=\"e-load-more-anchor\" data-page=\"1\" data-max-page=\"2\" data-next-page=\"https:\/\/www.corental.de\/index.php\/wp-json\/wp\/v2\/pages\/2634\/page\/2\/\"><\/div>\n\t\t\t\t<div class=\"e-load-more-message\"><\/div>\n\t\t\t\t\t\t<\/div>\n\t\t\t\t<\/div>\n\t\t\t\t\t<\/div>\n\t\t\t\t<\/div>\n\t\t\t\t<\/div>\n\t\t","protected":false},"excerpt":{"rendered":"<p>Aktuelle News<\/p>\n","protected":false},"author":5,"featured_media":0,"parent":0,"menu_order":0,"comment_status":"closed","ping_status":"closed","template":"","meta":{"footnotes":""},"folder":[51],"class_list":["post-2634","page","type-page","status-publish","hentry"],"yoast_head":"<!-- This site is optimized with the Yoast SEO plugin v27.5 - https:\/\/yoast.com\/product\/yoast-seo-wordpress\/ -->\n<title>Archiv - COrental Dry Hire GmbH \u2013 Vermietung von Veranstaltungstechnik Licht &amp; Rigging<\/title>\n<meta name=\"robots\" content=\"index, follow, max-snippet:-1, max-image-preview:large, max-video-preview:-1\" \/>\n<link rel=\"canonical\" href=\"https:\/\/www.corental.de\/index.php\/archiv-2\/\" \/>\n<meta property=\"og:locale\" content=\"de_DE\" \/>\n<meta property=\"og:type\" content=\"article\" \/>\n<meta property=\"og:title\" content=\"Archiv - COrental Dry Hire GmbH \u2013 Vermietung von Veranstaltungstechnik Licht &amp; Rigging\" \/>\n<meta property=\"og:description\" content=\"Aktuelle News\" \/>\n<meta property=\"og:url\" content=\"https:\/\/www.corental.de\/index.php\/archiv-2\/\" \/>\n<meta property=\"og:site_name\" content=\"COrental Dry Hire GmbH \u2013 Vermietung von Veranstaltungstechnik Licht &amp; Rigging\" \/>\n<meta property=\"article:modified_time\" content=\"2023-06-07T11:16:24+00:00\" \/>\n<meta name=\"twitter:card\" content=\"summary_large_image\" \/>\n<script type=\"application\/ld+json\" class=\"yoast-schema-graph\">{\"@context\":\"https:\\\/\\\/schema.org\",\"@graph\":[{\"@type\":\"WebPage\",\"@id\":\"https:\\\/\\\/www.corental.de\\\/index.php\\\/archiv-2\\\/\",\"url\":\"https:\\\/\\\/www.corental.de\\\/index.php\\\/archiv-2\\\/\",\"name\":\"Archiv - COrental Dry Hire GmbH \u2013 Vermietung von Veranstaltungstechnik Licht &amp; Rigging\",\"isPartOf\":{\"@id\":\"https:\\\/\\\/www.corental.de\\\/#website\"},\"datePublished\":\"2023-05-10T11:27:37+00:00\",\"dateModified\":\"2023-06-07T11:16:24+00:00\",\"breadcrumb\":{\"@id\":\"https:\\\/\\\/www.corental.de\\\/index.php\\\/archiv-2\\\/#breadcrumb\"},\"inLanguage\":\"de\",\"potentialAction\":[{\"@type\":\"ReadAction\",\"target\":[\"https:\\\/\\\/www.corental.de\\\/index.php\\\/archiv-2\\\/\"]}]},{\"@type\":\"BreadcrumbList\",\"@id\":\"https:\\\/\\\/www.corental.de\\\/index.php\\\/archiv-2\\\/#breadcrumb\",\"itemListElement\":[{\"@type\":\"ListItem\",\"position\":1,\"name\":\"Startseite\",\"item\":\"https:\\\/\\\/www.corental.de\\\/\"},{\"@type\":\"ListItem\",\"position\":2,\"name\":\"Archiv\"}]},{\"@type\":\"WebSite\",\"@id\":\"https:\\\/\\\/www.corental.de\\\/#website\",\"url\":\"https:\\\/\\\/www.corental.de\\\/\",\"name\":\"CONRAD Licht & Rigging Support GmbH\",\"description\":\"\",\"publisher\":{\"@id\":\"https:\\\/\\\/www.corental.de\\\/#organization\"},\"potentialAction\":[{\"@type\":\"SearchAction\",\"target\":{\"@type\":\"EntryPoint\",\"urlTemplate\":\"https:\\\/\\\/www.corental.de\\\/?s={search_term_string}\"},\"query-input\":{\"@type\":\"PropertyValueSpecification\",\"valueRequired\":true,\"valueName\":\"search_term_string\"}}],\"inLanguage\":\"de\"},{\"@type\":\"Organization\",\"@id\":\"https:\\\/\\\/www.corental.de\\\/#organization\",\"name\":\"CONRAD Licht & Rigging Support GmbH\",\"url\":\"https:\\\/\\\/www.corental.de\\\/\",\"logo\":{\"@type\":\"ImageObject\",\"inLanguage\":\"de\",\"@id\":\"https:\\\/\\\/www.corental.de\\\/#\\\/schema\\\/logo\\\/image\\\/\",\"url\":\"https:\\\/\\\/www.conrad-support.de\\\/wp-content\\\/uploads\\\/2021\\\/11\\\/CONRAD_Logo_SW.png\",\"contentUrl\":\"https:\\\/\\\/www.conrad-support.de\\\/wp-content\\\/uploads\\\/2021\\\/11\\\/CONRAD_Logo_SW.png\",\"width\":1000,\"height\":207,\"caption\":\"CONRAD Licht & Rigging Support GmbH\"},\"image\":{\"@id\":\"https:\\\/\\\/www.corental.de\\\/#\\\/schema\\\/logo\\\/image\\\/\"}}]}<\/script>\n<!-- \/ Yoast SEO plugin. -->","yoast_head_json":{"title":"Archiv - COrental Dry Hire GmbH \u2013 Vermietung von Veranstaltungstechnik Licht &amp; Rigging","robots":{"index":"index","follow":"follow","max-snippet":"max-snippet:-1","max-image-preview":"max-image-preview:large","max-video-preview":"max-video-preview:-1"},"canonical":"https:\/\/www.corental.de\/index.php\/archiv-2\/","og_locale":"de_DE","og_type":"article","og_title":"Archiv - COrental Dry Hire GmbH \u2013 Vermietung von Veranstaltungstechnik Licht &amp; Rigging","og_description":"Aktuelle News","og_url":"https:\/\/www.corental.de\/index.php\/archiv-2\/","og_site_name":"COrental Dry Hire GmbH \u2013 Vermietung von Veranstaltungstechnik Licht &amp; Rigging","article_modified_time":"2023-06-07T11:16:24+00:00","twitter_card":"summary_large_image","schema":{"@context":"https:\/\/schema.org","@graph":[{"@type":"WebPage","@id":"https:\/\/www.corental.de\/index.php\/archiv-2\/","url":"https:\/\/www.corental.de\/index.php\/archiv-2\/","name":"Archiv - COrental Dry Hire GmbH \u2013 Vermietung von Veranstaltungstechnik Licht &amp; Rigging","isPartOf":{"@id":"https:\/\/www.corental.de\/#website"},"datePublished":"2023-05-10T11:27:37+00:00","dateModified":"2023-06-07T11:16:24+00:00","breadcrumb":{"@id":"https:\/\/www.corental.de\/index.php\/archiv-2\/#breadcrumb"},"inLanguage":"de","potentialAction":[{"@type":"ReadAction","target":["https:\/\/www.corental.de\/index.php\/archiv-2\/"]}]},{"@type":"BreadcrumbList","@id":"https:\/\/www.corental.de\/index.php\/archiv-2\/#breadcrumb","itemListElement":[{"@type":"ListItem","position":1,"name":"Startseite","item":"https:\/\/www.corental.de\/"},{"@type":"ListItem","position":2,"name":"Archiv"}]},{"@type":"WebSite","@id":"https:\/\/www.corental.de\/#website","url":"https:\/\/www.corental.de\/","name":"CONRAD Licht & Rigging Support GmbH","description":"","publisher":{"@id":"https:\/\/www.corental.de\/#organization"},"potentialAction":[{"@type":"SearchAction","target":{"@type":"EntryPoint","urlTemplate":"https:\/\/www.corental.de\/?s={search_term_string}"},"query-input":{"@type":"PropertyValueSpecification","valueRequired":true,"valueName":"search_term_string"}}],"inLanguage":"de"},{"@type":"Organization","@id":"https:\/\/www.corental.de\/#organization","name":"CONRAD Licht & Rigging Support GmbH","url":"https:\/\/www.corental.de\/","logo":{"@type":"ImageObject","inLanguage":"de","@id":"https:\/\/www.corental.de\/#\/schema\/logo\/image\/","url":"https:\/\/www.conrad-support.de\/wp-content\/uploads\/2021\/11\/CONRAD_Logo_SW.png","contentUrl":"https:\/\/www.conrad-support.de\/wp-content\/uploads\/2021\/11\/CONRAD_Logo_SW.png","width":1000,"height":207,"caption":"CONRAD Licht & Rigging Support GmbH"},"image":{"@id":"https:\/\/www.corental.de\/#\/schema\/logo\/image\/"}}]}},"_links":{"self":[{"href":"https:\/\/www.corental.de\/index.php\/wp-json\/wp\/v2\/pages\/2634","targetHints":{"allow":["GET"]}}],"collection":[{"href":"https:\/\/www.corental.de\/index.php\/wp-json\/wp\/v2\/pages"}],"about":[{"href":"https:\/\/www.corental.de\/index.php\/wp-json\/wp\/v2\/types\/page"}],"author":[{"embeddable":true,"href":"https:\/\/www.corental.de\/index.php\/wp-json\/wp\/v2\/users\/5"}],"replies":[{"embeddable":true,"href":"https:\/\/www.corental.de\/index.php\/wp-json\/wp\/v2\/comments?post=2634"}],"version-history":[{"count":16,"href":"https:\/\/www.corental.de\/index.php\/wp-json\/wp\/v2\/pages\/2634\/revisions"}],"predecessor-version":[{"id":3329,"href":"https:\/\/www.corental.de\/index.php\/wp-json\/wp\/v2\/pages\/2634\/revisions\/3329"}],"wp:attachment":[{"href":"https:\/\/www.corental.de\/index.php\/wp-json\/wp\/v2\/media?parent=2634"}],"wp:term":[{"taxonomy":"folder","embeddable":true,"href":"https:\/\/www.corental.de\/index.php\/wp-json\/wp\/v2\/folder?post=2634"}],"curies":[{"name":"wp","href":"https:\/\/api.w.org\/{rel}","templated":true}]}}